{"id":360,"date":"2025-04-14T14:13:46","date_gmt":"2025-04-14T12:13:46","guid":{"rendered":"https:\/\/filmfestaachen.com\/?page_id=360"},"modified":"2025-08-23T12:10:41","modified_gmt":"2025-08-23T10:10:41","slug":"filmfest-aachen-2025","status":"publish","type":"page","link":"https:\/\/filmfestaachen.com\/en\/filmfest-aachen-2025\/","title":{"rendered":"Filmfest Aachen 2025"},"content":{"rendered":"<div data-elementor-type=\"wp-page\" data-elementor-id=\"360\" class=\"elementor elementor-360\">\n\t\t\t\t<div class=\"elementor-element elementor-element-2325b64d e-con-full e-flex e-con e-parent\" data-id=\"2325b64d\" data-element_type=\"container\">\n\t\t\t\t<div class=\"elementor-element elementor-element-c66b9e9 elementor-widget elementor-widget-heading\" data-id=\"c66b9e9\" data-element_type=\"widget\" data-widget_type=\"heading.default\">\n\t\t\t\t<div class=\"elementor-widget-container\">\n\t\t\t\t\t<h2 class=\"elementor-heading-title elementor-size-default\"><a href=\"https:\/\/www.filmfestaachen.de\/programm\">FILMFEST AACHEN 2025<br><br>-&gt; PROGRAMM &lt;-<\/a><\/h2>\t\t\t\t<\/div>\n\t\t\t\t<\/div>\n\t\t\t\t<div class=\"elementor-element elementor-element-61d5533 elementor-widget elementor-widget-text-editor\" data-id=\"61d5533\" data-element_type=\"widget\" data-widget_type=\"text-editor.default\">\n\t\t\t\t<div class=\"elementor-widget-container\">\n\t\t\t\t\t\t\t\t\t<p><strong style=\"letter-spacing: 0rem;\">From September 5 to 7, the first Filmfest Aachen will take place at the Apollo Kino!<\/strong><\/p>\n<p>Over the course of three days, around 30 films from various categories, sections and subject areas will be screened at Apollo.<\/p>\n<p><!-- \/wp:paragraph --><!-- wp:paragraph --><\/p>\n<p><span style=\"letter-spacing: 0rem;\">Weitere Informationen folgen stetig. Das vollst\u00e4ndige Programm wird Mitte August ver\u00f6ffentlicht.\u00a0<\/span><\/p>\n<p><!-- \/wp:paragraph --><!-- wp:paragraph --><\/p>\n<p><strong>The Filmfest Aachen 2025 is supported by the City of Aachen.<\/strong><\/p>\n<p><!-- \/wp:paragraph --><!-- wp:separator --><!-- \/wp:paragraph --><\/p>\t\t\t\t\t\t\t\t<\/div>\n\t\t\t\t<\/div>\n\t\t\t\t<div class=\"elementor-element elementor-element-8e57819 elementor-widget elementor-widget-heading\" data-id=\"8e57819\" data-element_type=\"widget\" data-widget_type=\"heading.default\">\n\t\t\t\t<div class=\"elementor-widget-container\">\n\t\t\t\t\t<h2 class=\"elementor-heading-title elementor-size-default\">FESTIVALPASS &amp; TICKETS<\/h2>\t\t\t\t<\/div>\n\t\t\t\t<\/div>\n\t\t\t\t<div class=\"elementor-element elementor-element-d737800 elementor-widget elementor-widget-text-editor\" data-id=\"d737800\" data-element_type=\"widget\" data-widget_type=\"text-editor.default\">\n\t\t\t\t<div class=\"elementor-widget-container\">\n\t\t\t\t\t\t\t\t\t<p><b>FESTIVAL PASS <\/b>now available via our Rausgegangen ticket shop.\u00a0<\/p>\n<p>Want to watch more than one movie and discover everything Filmfest Aachen has to offer? Browse through our sections and watch feature films, short films, documentaries, listen to film talks, panels and readings - around 30 events over three days. Let yourself drift, discover new things, stay for a movie or five, linger in the festival bar. One pass. Everything included. For the full festival experience.\u00a0<\/p>\n<p>Simply redeem the code on the pass for a free ticket via our Rausgegangen ticket store. Important: Admission only with a valid ticket for the respective event. No admission with festival pass only!\u00a0<\/p>\n<p>The complete program, a timetable and all screening dates will be published in mid-August.\u00a0<\/p>\t\t\t\t\t\t\t\t<\/div>\n\t\t\t\t<\/div>\n\t\t\t\t<div class=\"elementor-element elementor-element-366e457 elementor-align-center elementor-widget elementor-widget-button\" data-id=\"366e457\" data-element_type=\"widget\" data-widget_type=\"button.default\">\n\t\t\t\t<div class=\"elementor-widget-container\">\n\t\t\t\t\t\t\t\t\t<div class=\"elementor-button-wrapper\">\n\t\t\t\t\t<a class=\"elementor-button elementor-button-link elementor-size-sm\" href=\"https:\/\/t.rausgegangen.de\/tickets\/shop\/page-for-team-filmfest-aachen\">\n\t\t\t\t\t\t<span class=\"elementor-button-content-wrapper\">\n\t\t\t\t\t\t\t\t\t<span class=\"elementor-button-text\">TICKETSHOP<\/span>\n\t\t\t\t\t<\/span>\n\t\t\t\t\t<\/a>\n\t\t\t\t<\/div>\n\t\t\t\t\t\t\t\t<\/div>\n\t\t\t\t<\/div>\n\t\t\t\t<div class=\"elementor-element elementor-element-38691c1 elementor-widget elementor-widget-heading\" data-id=\"38691c1\" data-element_type=\"widget\" data-widget_type=\"heading.default\">\n\t\t\t\t<div class=\"elementor-widget-container\">\n\t\t\t\t\t<h2 class=\"elementor-heading-title elementor-size-default\"><br>EINREICHUNG<\/h2>\t\t\t\t<\/div>\n\t\t\t\t<\/div>\n\t\t\t\t<div class=\"elementor-element elementor-element-ae98cfa elementor-widget elementor-widget-heading\" data-id=\"ae98cfa\" data-element_type=\"widget\" data-widget_type=\"heading.default\">\n\t\t\t\t<div class=\"elementor-widget-container\">\n\t\t\t\t\t<h2 class=\"elementor-heading-title elementor-size-default\">SECTIONS<\/h2>\t\t\t\t<\/div>\n\t\t\t\t<\/div>\n\t\t\t\t<div class=\"elementor-element elementor-element-58c8a46 elementor-widget elementor-widget-text-editor\" data-id=\"58c8a46\" data-element_type=\"widget\" data-widget_type=\"text-editor.default\">\n\t\t\t\t<div class=\"elementor-widget-container\">\n\t\t\t\t\t\t\t\t\t<p><strong>OECHER AWARD<\/strong>&nbsp;\u2013 ein dotierter Preis f\u00fcr einen Film aus der Region oder mit klarem regionalem Bezug nicht \u00e4lter (nach Fertigstellung) als 2023. Einreichungen waren bis zum 1. August m\u00f6glich.&nbsp;<\/p>\n<p><!-- \/wp:paragraph --><!-- wp:separator --><!-- \/wp:paragraph --><\/p>\t\t\t\t\t\t\t\t<\/div>\n\t\t\t\t<\/div>\n\t\t\t\t<\/div>\n\t\t<div class=\"elementor-element elementor-element-6577d1a e-grid e-con-boxed e-con e-parent\" data-id=\"6577d1a\" data-element_type=\"container\">\n\t\t\t\t\t<div class=\"e-con-inner\">\n\t\t\t\t<div class=\"elementor-element elementor-element-e79af22 elementor-widget elementor-widget-image\" data-id=\"e79af22\" data-element_type=\"widget\" data-widget_type=\"image.default\">\n\t\t\t\t<div class=\"elementor-widget-container\">\n\t\t\t\t\t\t\t\t\t\t\t\t\t\t\t\t<a href=\"https:\/\/www.filmfestaachen.de\/programm\/competition\">\n\t\t\t\t\t\t\t<img fetchpriority=\"high\" decoding=\"async\" width=\"819\" height=\"1024\" src=\"https:\/\/filmfestaachen.com\/wp-content\/uploads\/2025\/07\/Section-Announcement4-819x1024.jpg\" class=\"attachment-large size-large wp-image-532\" alt=\"\" srcset=\"https:\/\/filmfestaachen.com\/wp-content\/uploads\/2025\/07\/Section-Announcement4-819x1024.jpg 819w, https:\/\/filmfestaachen.com\/wp-content\/uploads\/2025\/07\/Section-Announcement4-240x300.jpg 240w, https:\/\/filmfestaachen.com\/wp-content\/uploads\/2025\/07\/Section-Announcement4-768x960.jpg 768w, https:\/\/filmfestaachen.com\/wp-content\/uploads\/2025\/07\/Section-Announcement4-10x12.jpg 10w, https:\/\/filmfestaachen.com\/wp-content\/uploads\/2025\/07\/Section-Announcement4.jpg 1080w\" sizes=\"(max-width: 819px) 100vw, 819px\" \/>\t\t\t\t\t\t\t\t<\/a>\n\t\t\t\t\t\t\t\t\t\t\t\t\t\t\t<\/div>\n\t\t\t\t<\/div>\n\t\t\t\t<div class=\"elementor-element elementor-element-0ac3dd7 elementor-widget elementor-widget-image\" data-id=\"0ac3dd7\" data-element_type=\"widget\" data-widget_type=\"image.default\">\n\t\t\t\t<div class=\"elementor-widget-container\">\n\t\t\t\t\t\t\t\t\t\t\t\t\t\t\t\t<a href=\"https:\/\/www.filmfestaachen.de\/programm\/resistance\">\n\t\t\t\t\t\t\t<img decoding=\"async\" width=\"819\" height=\"1024\" src=\"https:\/\/filmfestaachen.com\/wp-content\/uploads\/2025\/07\/Section-Announcement6-819x1024.jpg\" class=\"attachment-large size-large wp-image-533\" alt=\"\" srcset=\"https:\/\/filmfestaachen.com\/wp-content\/uploads\/2025\/07\/Section-Announcement6-819x1024.jpg 819w, https:\/\/filmfestaachen.com\/wp-content\/uploads\/2025\/07\/Section-Announcement6-240x300.jpg 240w, https:\/\/filmfestaachen.com\/wp-content\/uploads\/2025\/07\/Section-Announcement6-768x960.jpg 768w, https:\/\/filmfestaachen.com\/wp-content\/uploads\/2025\/07\/Section-Announcement6-10x12.jpg 10w, https:\/\/filmfestaachen.com\/wp-content\/uploads\/2025\/07\/Section-Announcement6.jpg 1080w\" sizes=\"(max-width: 819px) 100vw, 819px\" \/>\t\t\t\t\t\t\t\t<\/a>\n\t\t\t\t\t\t\t\t\t\t\t\t\t\t\t<\/div>\n\t\t\t\t<\/div>\n\t\t\t\t<div class=\"elementor-element elementor-element-2a45fbe elementor-widget elementor-widget-image\" data-id=\"2a45fbe\" data-element_type=\"widget\" data-widget_type=\"image.default\">\n\t\t\t\t<div class=\"elementor-widget-container\">\n\t\t\t\t\t\t\t\t\t\t\t\t\t\t\t\t<a href=\"https:\/\/www.filmfestaachen.de\/programm\/dystopia\">\n\t\t\t\t\t\t\t<img decoding=\"async\" width=\"819\" height=\"1024\" src=\"https:\/\/filmfestaachen.com\/wp-content\/uploads\/2025\/07\/Section-Announcement9-819x1024.jpg\" class=\"attachment-large size-large wp-image-534\" alt=\"\" srcset=\"https:\/\/filmfestaachen.com\/wp-content\/uploads\/2025\/07\/Section-Announcement9-819x1024.jpg 819w, https:\/\/filmfestaachen.com\/wp-content\/uploads\/2025\/07\/Section-Announcement9-240x300.jpg 240w, https:\/\/filmfestaachen.com\/wp-content\/uploads\/2025\/07\/Section-Announcement9-768x960.jpg 768w, https:\/\/filmfestaachen.com\/wp-content\/uploads\/2025\/07\/Section-Announcement9-10x12.jpg 10w, https:\/\/filmfestaachen.com\/wp-content\/uploads\/2025\/07\/Section-Announcement9.jpg 1080w\" sizes=\"(max-width: 819px) 100vw, 819px\" \/>\t\t\t\t\t\t\t\t<\/a>\n\t\t\t\t\t\t\t\t\t\t\t\t\t\t\t<\/div>\n\t\t\t\t<\/div>\n\t\t\t\t<div class=\"elementor-element elementor-element-294399b elementor-widget elementor-widget-image\" data-id=\"294399b\" data-element_type=\"widget\" data-widget_type=\"image.default\">\n\t\t\t\t<div class=\"elementor-widget-container\">\n\t\t\t\t\t\t\t\t\t\t\t\t\t\t\t\t<a href=\"https:\/\/www.filmfestaachen.de\/programm\/shorts\">\n\t\t\t\t\t\t\t<img loading=\"lazy\" decoding=\"async\" width=\"819\" height=\"1024\" src=\"https:\/\/filmfestaachen.com\/wp-content\/uploads\/2025\/07\/Section-Announcement11-819x1024.jpg\" class=\"attachment-large size-large wp-image-535\" alt=\"\" srcset=\"https:\/\/filmfestaachen.com\/wp-content\/uploads\/2025\/07\/Section-Announcement11-819x1024.jpg 819w, https:\/\/filmfestaachen.com\/wp-content\/uploads\/2025\/07\/Section-Announcement11-240x300.jpg 240w, https:\/\/filmfestaachen.com\/wp-content\/uploads\/2025\/07\/Section-Announcement11-768x960.jpg 768w, https:\/\/filmfestaachen.com\/wp-content\/uploads\/2025\/07\/Section-Announcement11-10x12.jpg 10w, https:\/\/filmfestaachen.com\/wp-content\/uploads\/2025\/07\/Section-Announcement11.jpg 1080w\" sizes=\"(max-width: 819px) 100vw, 819px\" \/>\t\t\t\t\t\t\t\t<\/a>\n\t\t\t\t\t\t\t\t\t\t\t\t\t\t\t<\/div>\n\t\t\t\t<\/div>\n\t\t\t\t<div class=\"elementor-element elementor-element-dd2ecaf elementor-widget elementor-widget-image\" data-id=\"dd2ecaf\" data-element_type=\"widget\" data-widget_type=\"image.default\">\n\t\t\t\t<div class=\"elementor-widget-container\">\n\t\t\t\t\t\t\t\t\t\t\t\t\t\t\t\t<a href=\"https:\/\/www.filmfestaachen.de\/programm\/aachen-competition\">\n\t\t\t\t\t\t\t<img loading=\"lazy\" decoding=\"async\" width=\"819\" height=\"1024\" src=\"https:\/\/filmfestaachen.com\/wp-content\/uploads\/2025\/07\/Section-Announcement2-819x1024.jpg\" class=\"attachment-large size-large wp-image-531\" alt=\"\" srcset=\"https:\/\/filmfestaachen.com\/wp-content\/uploads\/2025\/07\/Section-Announcement2-819x1024.jpg 819w, https:\/\/filmfestaachen.com\/wp-content\/uploads\/2025\/07\/Section-Announcement2-240x300.jpg 240w, https:\/\/filmfestaachen.com\/wp-content\/uploads\/2025\/07\/Section-Announcement2-768x960.jpg 768w, https:\/\/filmfestaachen.com\/wp-content\/uploads\/2025\/07\/Section-Announcement2-10x12.jpg 10w, https:\/\/filmfestaachen.com\/wp-content\/uploads\/2025\/07\/Section-Announcement2.jpg 1080w\" sizes=\"(max-width: 819px) 100vw, 819px\" \/>\t\t\t\t\t\t\t\t<\/a>\n\t\t\t\t\t\t\t\t\t\t\t\t\t\t\t<\/div>\n\t\t\t\t<\/div>\n\t\t\t\t<div class=\"elementor-element elementor-element-45b6bdd elementor-widget elementor-widget-image\" data-id=\"45b6bdd\" data-element_type=\"widget\" data-widget_type=\"image.default\">\n\t\t\t\t<div class=\"elementor-widget-container\">\n\t\t\t\t\t\t\t\t\t\t\t\t\t\t\t\t<a href=\"https:\/\/www.filmfestaachen.de\/programm\/midnight\">\n\t\t\t\t\t\t\t<img loading=\"lazy\" decoding=\"async\" width=\"819\" height=\"1024\" src=\"https:\/\/filmfestaachen.com\/wp-content\/uploads\/2025\/07\/Section-Announcement14-819x1024.jpg\" class=\"attachment-large size-large wp-image-536\" alt=\"\" srcset=\"https:\/\/filmfestaachen.com\/wp-content\/uploads\/2025\/07\/Section-Announcement14-819x1024.jpg 819w, https:\/\/filmfestaachen.com\/wp-content\/uploads\/2025\/07\/Section-Announcement14-240x300.jpg 240w, https:\/\/filmfestaachen.com\/wp-content\/uploads\/2025\/07\/Section-Announcement14-768x960.jpg 768w, https:\/\/filmfestaachen.com\/wp-content\/uploads\/2025\/07\/Section-Announcement14-10x12.jpg 10w, https:\/\/filmfestaachen.com\/wp-content\/uploads\/2025\/07\/Section-Announcement14.jpg 1080w\" sizes=\"(max-width: 819px) 100vw, 819px\" \/>\t\t\t\t\t\t\t\t<\/a>\n\t\t\t\t\t\t\t\t\t\t\t\t\t\t\t<\/div>\n\t\t\t\t<\/div>\n\t\t\t\t\t<\/div>\n\t\t\t\t<\/div>\n\t\t<div class=\"elementor-element elementor-element-6a89415 e-flex e-con-boxed e-con e-parent\" data-id=\"6a89415\" data-element_type=\"container\">\n\t\t\t\t\t<div class=\"e-con-inner\">\n\t\t\t\t<div class=\"elementor-element elementor-element-cbfb1ed elementor-widget elementor-widget-text-editor\" data-id=\"cbfb1ed\" data-element_type=\"widget\" data-widget_type=\"text-editor.default\">\n\t\t\t\t<div class=\"elementor-widget-container\">\n\t\t\t\t\t\t\t\t\t<p>OPENING FILM<br \/><b>LESBIAN SPACE PRINCESS\u00a0<\/b><\/p>\t\t\t\t\t\t\t\t<\/div>\n\t\t\t\t<\/div>\n\t\t\t\t\t<\/div>\n\t\t\t\t<\/div>\n\t\t<div class=\"elementor-element elementor-element-a025094 e-flex e-con-boxed e-con e-parent\" data-id=\"a025094\" data-element_type=\"container\">\n\t\t\t\t\t<div class=\"e-con-inner\">\n\t\t\t\t<div class=\"elementor-element elementor-element-1a2ec22 elementor-widget elementor-widget-image\" data-id=\"1a2ec22\" data-element_type=\"widget\" data-widget_type=\"image.default\">\n\t\t\t\t<div class=\"elementor-widget-container\">\n\t\t\t\t\t\t\t\t\t\t\t\t<figure class=\"wp-caption\">\n\t\t\t\t\t\t\t\t\t\t\t<a href=\"https:\/\/www.filmfestaachen.de\/programm\/lesbian-space-princess\">\n\t\t\t\t\t\t\t<img loading=\"lazy\" decoding=\"async\" width=\"1024\" height=\"554\" src=\"https:\/\/filmfestaachen.com\/wp-content\/uploads\/2025\/07\/LSP_BountyHunterPromo_Kiki-1024x554.png\" class=\"attachment-large size-large wp-image-543\" alt=\"\" srcset=\"https:\/\/filmfestaachen.com\/wp-content\/uploads\/2025\/07\/LSP_BountyHunterPromo_Kiki-1024x554.png 1024w, https:\/\/filmfestaachen.com\/wp-content\/uploads\/2025\/07\/LSP_BountyHunterPromo_Kiki-300x162.png 300w, https:\/\/filmfestaachen.com\/wp-content\/uploads\/2025\/07\/LSP_BountyHunterPromo_Kiki-768x415.png 768w, https:\/\/filmfestaachen.com\/wp-content\/uploads\/2025\/07\/LSP_BountyHunterPromo_Kiki-1536x830.png 1536w, https:\/\/filmfestaachen.com\/wp-content\/uploads\/2025\/07\/LSP_BountyHunterPromo_Kiki-2048x1107.png 2048w, https:\/\/filmfestaachen.com\/wp-content\/uploads\/2025\/07\/LSP_BountyHunterPromo_Kiki-18x10.png 18w, https:\/\/filmfestaachen.com\/wp-content\/uploads\/2025\/07\/LSP_BountyHunterPromo_Kiki-1320x714.png 1320w\" sizes=\"(max-width: 1024px) 100vw, 1024px\" \/>\t\t\t\t\t\t\t\t<\/a>\n\t\t\t\t\t\t\t\t\t\t\t<figcaption class=\"widget-image-caption wp-caption-text\">Copyright: Salzgeber<\/figcaption>\n\t\t\t\t\t\t\t\t\t\t<\/figure>\n\t\t\t\t\t\t\t\t\t<\/div>\n\t\t\t\t<\/div>\n\t\t\t\t\t<\/div>\n\t\t\t\t<\/div>\n\t\t<div class=\"elementor-element elementor-element-a3ff38e e-flex e-con-boxed e-con e-parent\" data-id=\"a3ff38e\" data-element_type=\"container\">\n\t\t\t\t\t<div class=\"e-con-inner\">\n\t\t\t\t\t<\/div>\n\t\t\t\t<\/div>\n\t\t\t\t<\/div>","protected":false},"excerpt":{"rendered":"<p>FILMFEST AACHEN 2025 -&gt; PROGRAMM &lt;- Vom 5. bis 7. September 2025 findet das erste Filmfest Aachen im Apollo Kino statt! \u00dcber drei Tage hinweg werden in zwei S\u00e4len rund 30 Filme aus verschiedenen Kategorien, Sektionen und Themenbereichen zu sehen sein. Weitere Informationen folgen stetig. Das vollst\u00e4ndige Programm wird Mitte August ver\u00f6ffentlicht.\u00a0 Das Filmfest Aachen [&hellip;]<\/p>","protected":false},"author":2,"featured_media":526,"parent":0,"menu_order":0,"comment_status":"closed","ping_status":"closed","template":"","meta":{"footnotes":""},"class_list":["post-360","page","type-page","status-publish","has-post-thumbnail","hentry"],"yoast_head":"<!-- This site is optimized with the Yoast SEO plugin v25.7 - https:\/\/yoast.com\/wordpress\/plugins\/seo\/ -->\n<title>Filmfest Aachen 2025 - Filmfest Aachen<\/title>\n<meta name=\"robots\" content=\"index, follow, max-snippet:-1, max-image-preview:large, max-video-preview:-1\" \/>\n<link rel=\"canonical\" href=\"https:\/\/filmfestaachen.com\/en\/filmfest-aachen-2025\/\" \/>\n<meta property=\"og:locale\" content=\"en_US\" \/>\n<meta property=\"og:type\" content=\"article\" \/>\n<meta property=\"og:title\" content=\"Filmfest Aachen 2025 - Filmfest Aachen\" \/>\n<meta property=\"og:description\" content=\"FILMFEST AACHEN 2025 -&gt; PROGRAMM &lt;- Vom 5. bis 7. September 2025 findet das erste Filmfest Aachen im Apollo Kino statt! \u00dcber drei Tage hinweg werden in zwei S\u00e4len rund 30 Filme aus verschiedenen Kategorien, Sektionen und Themenbereichen zu sehen sein. Weitere Informationen folgen stetig. Das vollst\u00e4ndige Programm wird Mitte August ver\u00f6ffentlicht.\u00a0 Das Filmfest Aachen [&hellip;]\" \/>\n<meta property=\"og:url\" content=\"https:\/\/filmfestaachen.com\/en\/filmfest-aachen-2025\/\" \/>\n<meta property=\"og:site_name\" content=\"Filmfest Aachen\" \/>\n<meta property=\"article:modified_time\" content=\"2025-08-23T10:10:41+00:00\" \/>\n<meta property=\"og:image\" content=\"https:\/\/filmfestaachen.com\/wp-content\/uploads\/2025\/07\/Section-Announcement-Template-8.png\" \/>\n\t<meta property=\"og:image:width\" content=\"1200\" \/>\n\t<meta property=\"og:image:height\" content=\"500\" \/>\n\t<meta property=\"og:image:type\" content=\"image\/png\" \/>\n<meta name=\"twitter:card\" content=\"summary_large_image\" \/>\n<meta name=\"twitter:label1\" content=\"Est. reading time\" \/>\n\t<meta name=\"twitter:data1\" content=\"1 minute\" \/>\n<script type=\"application\/ld+json\" class=\"yoast-schema-graph\">{\"@context\":\"https:\/\/schema.org\",\"@graph\":[{\"@type\":\"WebPage\",\"@id\":\"https:\/\/filmfestaachen.com\/filmfest-aachen-2025\/\",\"url\":\"https:\/\/filmfestaachen.com\/filmfest-aachen-2025\/\",\"name\":\"Filmfest Aachen 2025 - Filmfest Aachen\",\"isPartOf\":{\"@id\":\"https:\/\/filmfestaachen.com\/#website\"},\"primaryImageOfPage\":{\"@id\":\"https:\/\/filmfestaachen.com\/filmfest-aachen-2025\/#primaryimage\"},\"image\":{\"@id\":\"https:\/\/filmfestaachen.com\/filmfest-aachen-2025\/#primaryimage\"},\"thumbnailUrl\":\"https:\/\/filmfestaachen.com\/wp-content\/uploads\/2025\/07\/Section-Announcement-Template-8.png\",\"datePublished\":\"2025-04-14T12:13:46+00:00\",\"dateModified\":\"2025-08-23T10:10:41+00:00\",\"breadcrumb\":{\"@id\":\"https:\/\/filmfestaachen.com\/filmfest-aachen-2025\/#breadcrumb\"},\"inLanguage\":\"en-US\",\"potentialAction\":[{\"@type\":\"ReadAction\",\"target\":[\"https:\/\/filmfestaachen.com\/filmfest-aachen-2025\/\"]}]},{\"@type\":\"ImageObject\",\"inLanguage\":\"en-US\",\"@id\":\"https:\/\/filmfestaachen.com\/filmfest-aachen-2025\/#primaryimage\",\"url\":\"https:\/\/filmfestaachen.com\/wp-content\/uploads\/2025\/07\/Section-Announcement-Template-8.png\",\"contentUrl\":\"https:\/\/filmfestaachen.com\/wp-content\/uploads\/2025\/07\/Section-Announcement-Template-8.png\",\"width\":1200,\"height\":500},{\"@type\":\"BreadcrumbList\",\"@id\":\"https:\/\/filmfestaachen.com\/filmfest-aachen-2025\/#breadcrumb\",\"itemListElement\":[{\"@type\":\"ListItem\",\"position\":1,\"name\":\"Startseite\",\"item\":\"https:\/\/filmfestaachen.com\/\"},{\"@type\":\"ListItem\",\"position\":2,\"name\":\"Filmfest Aachen 2025\"}]},{\"@type\":\"WebSite\",\"@id\":\"https:\/\/filmfestaachen.com\/#website\",\"url\":\"https:\/\/filmfestaachen.com\/\",\"name\":\"Filmfest Aachen\",\"description\":\"Filmkultur auf Augenh\u00f6he!\",\"publisher\":{\"@id\":\"https:\/\/filmfestaachen.com\/#organization\"},\"potentialAction\":[{\"@type\":\"SearchAction\",\"target\":{\"@type\":\"EntryPoint\",\"urlTemplate\":\"https:\/\/filmfestaachen.com\/?s={search_term_string}\"},\"query-input\":{\"@type\":\"PropertyValueSpecification\",\"valueRequired\":true,\"valueName\":\"search_term_string\"}}],\"inLanguage\":\"en-US\"},{\"@type\":\"Organization\",\"@id\":\"https:\/\/filmfestaachen.com\/#organization\",\"name\":\"Filmfest Aachen\",\"url\":\"https:\/\/filmfestaachen.com\/\",\"logo\":{\"@type\":\"ImageObject\",\"inLanguage\":\"en-US\",\"@id\":\"https:\/\/filmfestaachen.com\/#\/schema\/logo\/image\/\",\"url\":\"https:\/\/filmfestaachen.com\/wp-content\/uploads\/2024\/07\/FFAWhite.png\",\"contentUrl\":\"https:\/\/filmfestaachen.com\/wp-content\/uploads\/2024\/07\/FFAWhite.png\",\"width\":937,\"height\":633,\"caption\":\"Filmfest Aachen\"},\"image\":{\"@id\":\"https:\/\/filmfestaachen.com\/#\/schema\/logo\/image\/\"},\"sameAs\":[\"https:\/\/www.instagram.com\/filmfestaachen\/\",\"https:\/\/letterboxd.com\/filmfestaachen\/\"]}]}<\/script>\n<!-- \/ Yoast SEO plugin. -->","yoast_head_json":{"title":"Filmfest Aachen 2025 - Filmfest Aachen","robots":{"index":"index","follow":"follow","max-snippet":"max-snippet:-1","max-image-preview":"max-image-preview:large","max-video-preview":"max-video-preview:-1"},"canonical":"https:\/\/filmfestaachen.com\/en\/filmfest-aachen-2025\/","og_locale":"en_US","og_type":"article","og_title":"Filmfest Aachen 2025 - Filmfest Aachen","og_description":"FILMFEST AACHEN 2025 -&gt; PROGRAMM &lt;- Vom 5. bis 7. September 2025 findet das erste Filmfest Aachen im Apollo Kino statt! \u00dcber drei Tage hinweg werden in zwei S\u00e4len rund 30 Filme aus verschiedenen Kategorien, Sektionen und Themenbereichen zu sehen sein. Weitere Informationen folgen stetig. Das vollst\u00e4ndige Programm wird Mitte August ver\u00f6ffentlicht.\u00a0 Das Filmfest Aachen [&hellip;]","og_url":"https:\/\/filmfestaachen.com\/en\/filmfest-aachen-2025\/","og_site_name":"Filmfest Aachen","article_modified_time":"2025-08-23T10:10:41+00:00","og_image":[{"width":1200,"height":500,"url":"https:\/\/filmfestaachen.com\/wp-content\/uploads\/2025\/07\/Section-Announcement-Template-8.png","type":"image\/png"}],"twitter_card":"summary_large_image","twitter_misc":{"Est. reading time":"1 minute"},"schema":{"@context":"https:\/\/schema.org","@graph":[{"@type":"WebPage","@id":"https:\/\/filmfestaachen.com\/filmfest-aachen-2025\/","url":"https:\/\/filmfestaachen.com\/filmfest-aachen-2025\/","name":"Filmfest Aachen 2025 - Filmfest Aachen","isPartOf":{"@id":"https:\/\/filmfestaachen.com\/#website"},"primaryImageOfPage":{"@id":"https:\/\/filmfestaachen.com\/filmfest-aachen-2025\/#primaryimage"},"image":{"@id":"https:\/\/filmfestaachen.com\/filmfest-aachen-2025\/#primaryimage"},"thumbnailUrl":"https:\/\/filmfestaachen.com\/wp-content\/uploads\/2025\/07\/Section-Announcement-Template-8.png","datePublished":"2025-04-14T12:13:46+00:00","dateModified":"2025-08-23T10:10:41+00:00","breadcrumb":{"@id":"https:\/\/filmfestaachen.com\/filmfest-aachen-2025\/#breadcrumb"},"inLanguage":"en-US","potentialAction":[{"@type":"ReadAction","target":["https:\/\/filmfestaachen.com\/filmfest-aachen-2025\/"]}]},{"@type":"ImageObject","inLanguage":"en-US","@id":"https:\/\/filmfestaachen.com\/filmfest-aachen-2025\/#primaryimage","url":"https:\/\/filmfestaachen.com\/wp-content\/uploads\/2025\/07\/Section-Announcement-Template-8.png","contentUrl":"https:\/\/filmfestaachen.com\/wp-content\/uploads\/2025\/07\/Section-Announcement-Template-8.png","width":1200,"height":500},{"@type":"BreadcrumbList","@id":"https:\/\/filmfestaachen.com\/filmfest-aachen-2025\/#breadcrumb","itemListElement":[{"@type":"ListItem","position":1,"name":"Startseite","item":"https:\/\/filmfestaachen.com\/"},{"@type":"ListItem","position":2,"name":"Filmfest Aachen 2025"}]},{"@type":"WebSite","@id":"https:\/\/filmfestaachen.com\/#website","url":"https:\/\/filmfestaachen.com\/","name":"Filmfest Aachen","description":"Filmkultur auf Augenh\u00f6he!","publisher":{"@id":"https:\/\/filmfestaachen.com\/#organization"},"potentialAction":[{"@type":"SearchAction","target":{"@type":"EntryPoint","urlTemplate":"https:\/\/filmfestaachen.com\/?s={search_term_string}"},"query-input":{"@type":"PropertyValueSpecification","valueRequired":true,"valueName":"search_term_string"}}],"inLanguage":"en-US"},{"@type":"Organization","@id":"https:\/\/filmfestaachen.com\/#organization","name":"Filmfest Aachen","url":"https:\/\/filmfestaachen.com\/","logo":{"@type":"ImageObject","inLanguage":"en-US","@id":"https:\/\/filmfestaachen.com\/#\/schema\/logo\/image\/","url":"https:\/\/filmfestaachen.com\/wp-content\/uploads\/2024\/07\/FFAWhite.png","contentUrl":"https:\/\/filmfestaachen.com\/wp-content\/uploads\/2024\/07\/FFAWhite.png","width":937,"height":633,"caption":"Filmfest Aachen"},"image":{"@id":"https:\/\/filmfestaachen.com\/#\/schema\/logo\/image\/"},"sameAs":["https:\/\/www.instagram.com\/filmfestaachen\/","https:\/\/letterboxd.com\/filmfestaachen\/"]}]}},"_links":{"self":[{"href":"https:\/\/filmfestaachen.com\/en\/wp-json\/wp\/v2\/pages\/360","targetHints":{"allow":["GET"]}}],"collection":[{"href":"https:\/\/filmfestaachen.com\/en\/wp-json\/wp\/v2\/pages"}],"about":[{"href":"https:\/\/filmfestaachen.com\/en\/wp-json\/wp\/v2\/types\/page"}],"author":[{"embeddable":true,"href":"https:\/\/filmfestaachen.com\/en\/wp-json\/wp\/v2\/users\/2"}],"replies":[{"embeddable":true,"href":"https:\/\/filmfestaachen.com\/en\/wp-json\/wp\/v2\/comments?post=360"}],"version-history":[{"count":0,"href":"https:\/\/filmfestaachen.com\/en\/wp-json\/wp\/v2\/pages\/360\/revisions"}],"wp:featuredmedia":[{"embeddable":true,"href":"https:\/\/filmfestaachen.com\/en\/wp-json\/wp\/v2\/media\/526"}],"wp:attachment":[{"href":"https:\/\/filmfestaachen.com\/en\/wp-json\/wp\/v2\/media?parent=360"}],"curies":[{"name":"wp","href":"https:\/\/api.w.org\/{rel}","templated":true}]}}